{"id":415,"date":"2020-03-05T04:32:47","date_gmt":"2020-03-05T03:32:47","guid":{"rendered":"http:\/\/gregorgebus.com\/?page_id=415"},"modified":"2021-02-17T22:51:12","modified_gmt":"2021-02-17T21:51:12","slug":"rodzinne-i-dzieciece","status":"publish","type":"page","link":"https:\/\/gregorgebus.com\/index.php\/portfolio\/rodzinne-i-dzieciece\/","title":{"rendered":"RODZINNE I DZIECI\u0118CE"},"content":{"rendered":"\t\t<div data-elementor-type=\"wp-page\" data-elementor-id=\"415\" class=\"elementor elementor-415\">\n\t\t\t\t\t\t<section class=\"elementor-section elementor-top-section elementor-element elementor-element-58b6231b elementor-section-full_width elementor-section-height-default elementor-section-height-default\" data-id=\"58b6231b\" data-element_type=\"section\" data-e-type=\"section\" data-settings=\"{&quot;background_background&quot;:&quot;classic&quot;}\">\n\t\t\t\t\t\t<div class=\"elementor-container elementor-column-gap-default\">\n\t\t\t\t\t<div class=\"elementor-column elementor-col-100 elementor-top-column elementor-element elementor-element-5bce9146\" data-id=\"5bce9146\" data-element_type=\"column\" data-e-type=\"column\">\n\t\t\t<div class=\"elementor-widget-wrap elementor-element-populated\">\n\t\t\t\t\t\t<section class=\"elementor-section elementor-inner-section elementor-element elementor-element-30086f9e elementor-section-boxed elementor-section-height-default elementor-section-height-default\" data-id=\"30086f9e\" data-element_type=\"section\" data-e-type=\"section\">\n\t\t\t\t\t\t<div class=\"elementor-container elementor-column-gap-default\">\n\t\t\t\t\t<div class=\"elementor-column elementor-col-100 elementor-inner-column elementor-element elementor-element-4c7ebad5\" data-id=\"4c7ebad5\" data-element_type=\"column\" data-e-type=\"column\">\n\t\t\t<div class=\"elementor-widget-wrap elementor-element-populated\">\n\t\t\t\t\t\t<div class=\"elementor-element elementor-element-57df577b elementor-invisible elementor-widget elementor-widget-heading\" data-id=\"57df577b\" data-element_type=\"widget\" data-e-type=\"widget\" data-settings=\"{&quot;_animation&quot;:&quot;fadeInUp&quot;}\" data-widget_type=\"heading.default\">\n\t\t\t\t<div class=\"elementor-widget-container\">\n\t\t\t\t\t<h2 class=\"elementor-heading-title elementor-size-default\">fotografia rodzinna<\/h2>\t\t\t\t<\/div>\n\t\t\t\t<\/div>\n\t\t\t\t\t<\/div>\n\t\t<\/div>\n\t\t\t\t\t<\/div>\n\t\t<\/section>\n\t\t\t\t<section class=\"elementor-section elementor-inner-section elementor-element elementor-element-6e00e8b1 elementor-section-boxed elementor-section-height-default elementor-section-height-default\" data-id=\"6e00e8b1\" data-element_type=\"section\" data-e-type=\"section\">\n\t\t\t\t\t\t<div class=\"elementor-container elementor-column-gap-default\">\n\t\t\t\t\t<div class=\"elementor-column elementor-col-33 elementor-inner-column elementor-element elementor-element-f021ef3 elementor-invisible\" data-id=\"f021ef3\" data-element_type=\"column\" data-e-type=\"column\" data-settings=\"{&quot;background_background&quot;:&quot;classic&quot;,&quot;animation&quot;:&quot;fadeInLeft&quot;}\">\n\t\t\t<div class=\"elementor-widget-wrap elementor-element-populated\">\n\t\t\t\t\t\t<div class=\"elementor-element elementor-element-20847f54 elementor-widget elementor-widget-image\" data-id=\"20847f54\" data-element_type=\"widget\" data-e-type=\"widget\" data-widget_type=\"image.default\">\n\t\t\t\t<div class=\"elementor-widget-container\">\n\t\t\t\t\t\t\t\t\t\t\t\t\t\t\t<img fetchpriority=\"high\" decoding=\"async\" width=\"1071\" height=\"1600\" src=\"https:\/\/gregorgebus.com\/wp-content\/uploads\/2020\/03\/s\u0142upsk-fotograf-gregor-g\u0119bu\u015b-szczecin-komunia-\u015bwi\u0119ta-pierwsza-alba-dzieci\u0119ca-fotografia-7-scaled.jpg\" class=\"attachment-full size-full wp-image-1025\" alt=\"s\u0142upsk-fotograf-gregor-g\u0119bu\u015b-szczecin-komunia-\u015bwi\u0119ta-pierwsza-alba-dzieci\u0119ca-fotografia\" srcset=\"https:\/\/gregorgebus.com\/wp-content\/uploads\/2020\/03\/s\u0142upsk-fotograf-gregor-g\u0119bu\u015b-szczecin-komunia-\u015bwi\u0119ta-pierwsza-alba-dzieci\u0119ca-fotografia-7-scaled.jpg 1071w, https:\/\/gregorgebus.com\/wp-content\/uploads\/2020\/03\/s\u0142upsk-fotograf-gregor-g\u0119bu\u015b-szczecin-komunia-\u015bwi\u0119ta-pierwsza-alba-dzieci\u0119ca-fotografia-7-201x300.jpg 201w, https:\/\/gregorgebus.com\/wp-content\/uploads\/2020\/03\/s\u0142upsk-fotograf-gregor-g\u0119bu\u015b-szczecin-komunia-\u015bwi\u0119ta-pierwsza-alba-dzieci\u0119ca-fotografia-7-685x1024.jpg 685w, https:\/\/gregorgebus.com\/wp-content\/uploads\/2020\/03\/s\u0142upsk-fotograf-gregor-g\u0119bu\u015b-szczecin-komunia-\u015bwi\u0119ta-pierwsza-alba-dzieci\u0119ca-fotografia-7-768x1147.jpg 768w, https:\/\/gregorgebus.com\/wp-content\/uploads\/2020\/03\/s\u0142upsk-fotograf-gregor-g\u0119bu\u015b-szczecin-komunia-\u015bwi\u0119ta-pierwsza-alba-dzieci\u0119ca-fotografia-7-1028x1536.jpg 1028w, https:\/\/gregorgebus.com\/wp-content\/uploads\/2020\/03\/s\u0142upsk-fotograf-gregor-g\u0119bu\u015b-szczecin-komunia-\u015bwi\u0119ta-pierwsza-alba-dzieci\u0119ca-fotografia-7-1371x2048.jpg 1371w\" sizes=\"(max-width: 1071px) 100vw, 1071px\" \/>\t\t\t\t\t\t\t\t\t\t\t\t\t\t\t<\/div>\n\t\t\t\t<\/div>\n\t\t\t\t<div class=\"elementor-element elementor-element-54ca8c74 elementor-widget elementor-widget-heading\" data-id=\"54ca8c74\" data-element_type=\"widget\" data-e-type=\"widget\" data-widget_type=\"heading.default\">\n\t\t\t\t<div class=\"elementor-widget-container\">\n\t\t\t\t\t<h2 class=\"elementor-heading-title elementor-size-default\"><a href=\"#\">sesje dzieci\u0119ce<\/a><\/h2>\t\t\t\t<\/div>\n\t\t\t\t<\/div>\n\t\t\t\t\t<\/div>\n\t\t<\/div>\n\t\t\t\t<div class=\"elementor-column elementor-col-33 elementor-inner-column elementor-element elementor-element-2fc7cba3 elementor-invisible\" data-id=\"2fc7cba3\" data-element_type=\"column\" data-e-type=\"column\" data-settings=\"{&quot;background_background&quot;:&quot;classic&quot;,&quot;animation&quot;:&quot;fadeInUp&quot;}\">\n\t\t\t<div class=\"elementor-widget-wrap elementor-element-populated\">\n\t\t\t\t\t\t<div class=\"elementor-element elementor-element-18a60d1f elementor-widget elementor-widget-image\" data-id=\"18a60d1f\" data-element_type=\"widget\" data-e-type=\"widget\" data-widget_type=\"image.default\">\n\t\t\t\t<div class=\"elementor-widget-container\">\n\t\t\t\t\t\t\t\t\t\t\t\t\t\t\t<img decoding=\"async\" width=\"685\" height=\"1024\" src=\"https:\/\/gregorgebus.com\/wp-content\/uploads\/2020\/03\/niemowle-s\u0142upsk-szczecin-sesja-niemowl\u0119ca-gregor-g\u0119bu\u015b-fotograf-fotografia-dziecko-noworodek-5-685x1024.jpg\" class=\"attachment-large size-large wp-image-982\" alt=\"niemowle-s\u0142upsk-szczecin-sesja-niemowl\u0119ca-gregor-g\u0119bu\u015b-fotograf-fotografia-dziecko-noworodek\" srcset=\"https:\/\/gregorgebus.com\/wp-content\/uploads\/2020\/03\/niemowle-s\u0142upsk-szczecin-sesja-niemowl\u0119ca-gregor-g\u0119bu\u015b-fotograf-fotografia-dziecko-noworodek-5-685x1024.jpg 685w, https:\/\/gregorgebus.com\/wp-content\/uploads\/2020\/03\/niemowle-s\u0142upsk-szczecin-sesja-niemowl\u0119ca-gregor-g\u0119bu\u015b-fotograf-fotografia-dziecko-noworodek-5-201x300.jpg 201w, https:\/\/gregorgebus.com\/wp-content\/uploads\/2020\/03\/niemowle-s\u0142upsk-szczecin-sesja-niemowl\u0119ca-gregor-g\u0119bu\u015b-fotograf-fotografia-dziecko-noworodek-5-768x1147.jpg 768w, https:\/\/gregorgebus.com\/wp-content\/uploads\/2020\/03\/niemowle-s\u0142upsk-szczecin-sesja-niemowl\u0119ca-gregor-g\u0119bu\u015b-fotograf-fotografia-dziecko-noworodek-5-1028x1536.jpg 1028w, https:\/\/gregorgebus.com\/wp-content\/uploads\/2020\/03\/niemowle-s\u0142upsk-szczecin-sesja-niemowl\u0119ca-gregor-g\u0119bu\u015b-fotograf-fotografia-dziecko-noworodek-5-1371x2048.jpg 1371w, https:\/\/gregorgebus.com\/wp-content\/uploads\/2020\/03\/niemowle-s\u0142upsk-szczecin-sesja-niemowl\u0119ca-gregor-g\u0119bu\u015b-fotograf-fotografia-dziecko-noworodek-5-scaled.jpg 1071w\" sizes=\"(max-width: 685px) 100vw, 685px\" \/>\t\t\t\t\t\t\t\t\t\t\t\t\t\t\t<\/div>\n\t\t\t\t<\/div>\n\t\t\t\t<div class=\"elementor-element elementor-element-470b394e elementor-widget elementor-widget-heading\" data-id=\"470b394e\" data-element_type=\"widget\" data-e-type=\"widget\" data-widget_type=\"heading.default\">\n\t\t\t\t<div class=\"elementor-widget-container\">\n\t\t\t\t\t<h2 class=\"elementor-heading-title elementor-size-default\"><a href=\"#\">zd\u0119cia noworodk\u00f3w<\/a><\/h2>\t\t\t\t<\/div>\n\t\t\t\t<\/div>\n\t\t\t\t\t<\/div>\n\t\t<\/div>\n\t\t\t\t<div class=\"elementor-column elementor-col-33 elementor-inner-column elementor-element elementor-element-18d519c elementor-invisible\" data-id=\"18d519c\" data-element_type=\"column\" data-e-type=\"column\" data-settings=\"{&quot;background_background&quot;:&quot;classic&quot;,&quot;animation&quot;:&quot;fadeInRight&quot;}\">\n\t\t\t<div class=\"elementor-widget-wrap elementor-element-populated\">\n\t\t\t\t\t\t<div class=\"elementor-element elementor-element-a6ee504 elementor-widget elementor-widget-image\" data-id=\"a6ee504\" data-element_type=\"widget\" data-e-type=\"widget\" data-widget_type=\"image.default\">\n\t\t\t\t<div class=\"elementor-widget-container\">\n\t\t\t\t\t\t\t\t\t\t\t\t\t\t\t<img decoding=\"async\" width=\"1063\" height=\"1600\" src=\"https:\/\/gregorgebus.com\/wp-content\/uploads\/2021\/02\/DSC_1591-scaled.jpg\" class=\"attachment-full size-full wp-image-1379\" alt=\"\" srcset=\"https:\/\/gregorgebus.com\/wp-content\/uploads\/2021\/02\/DSC_1591-scaled.jpg 1063w, https:\/\/gregorgebus.com\/wp-content\/uploads\/2021\/02\/DSC_1591-199x300.jpg 199w, https:\/\/gregorgebus.com\/wp-content\/uploads\/2021\/02\/DSC_1591-680x1024.jpg 680w, https:\/\/gregorgebus.com\/wp-content\/uploads\/2021\/02\/DSC_1591-768x1156.jpg 768w, https:\/\/gregorgebus.com\/wp-content\/uploads\/2021\/02\/DSC_1591-1020x1536.jpg 1020w, https:\/\/gregorgebus.com\/wp-content\/uploads\/2021\/02\/DSC_1591-1360x2048.jpg 1360w\" sizes=\"(max-width: 1063px) 100vw, 1063px\" \/>\t\t\t\t\t\t\t\t\t\t\t\t\t\t\t<\/div>\n\t\t\t\t<\/div>\n\t\t\t\t<div class=\"elementor-element elementor-element-4fe0cfe elementor-widget elementor-widget-heading\" data-id=\"4fe0cfe\" data-element_type=\"widget\" data-e-type=\"widget\" data-widget_type=\"heading.default\">\n\t\t\t\t<div class=\"elementor-widget-container\">\n\t\t\t\t\t<h2 class=\"elementor-heading-title elementor-size-default\"><a href=\"#\">fotografia rodzinna<\/a><\/h2>\t\t\t\t<\/div>\n\t\t\t\t<\/div>\n\t\t\t\t\t<\/div>\n\t\t<\/div>\n\t\t\t\t\t<\/div>\n\t\t<\/section>\n\t\t\t\t\t<\/div>\n\t\t<\/div>\n\t\t\t\t\t<\/div>\n\t\t<\/section>\n\t\t\t\t<section class=\"elementor-section elementor-top-section elementor-element elementor-element-60ad88a5 elementor-section-full_width elementor-section-height-default elementor-section-height-default\" data-id=\"60ad88a5\" data-element_type=\"section\" data-e-type=\"section\">\n\t\t\t\t\t\t<div class=\"elementor-container elementor-column-gap-default\">\n\t\t\t\t\t<div class=\"elementor-column elementor-col-100 elementor-top-column elementor-element elementor-element-5493444\" data-id=\"5493444\" data-element_type=\"column\" data-e-type=\"column\">\n\t\t\t<div class=\"elementor-widget-wrap elementor-element-populated\">\n\t\t\t\t\t\t<div class=\"elementor-element elementor-element-63fa1acf elementor-widget elementor-widget-text-editor\" data-id=\"63fa1acf\" data-element_type=\"widget\" data-e-type=\"widget\" data-widget_type=\"text-editor.default\">\n\t\t\t\t<div class=\"elementor-widget-container\">\n\t\t\t\t\t\t\t\t\t<p><!-- Final Tiles Grid Gallery for WordPress v3.6.13 free --><\/p>\n<style>#ftg-55 .tile .icon { color:#ffffff; }#ftg-55 .ftg-items .loading-bar i { background:#666; }#ftg-55 .ftg-items .loading-bar { background:#fff; }#ftg-55 .tile .icon { font-size:12px; }#ftg-55 .tile .icon { margin: -6px 0 0 -6px; }#ftg-55 .tile .caption-block .text-wrapper span.text { font-size:12px; }#ftg-55 .tile .caption-outside .text-wrapper span.text { font-size:12px; }#ftg-55 .tile .caption-block .text-wrapper span.title { font-size:14px; }#ftg-55 .tile .caption-outside .text-wrapper span.title { font-size:14px; }#ftg-55 .tile { background-color: transparent; }#ftg-55 .tile .caption-block .text-wrapper span.text { color: #ffffff; }#ftg-55 .tile .caption-block .text-wrapper span.title { color: #ffffff; }#ftg-55 .tile .caption-outside .text-wrapper span.text { color: #ffffff; }#ftg-55 .tile .caption-outside .text-wrapper span.title { color: #ffffff; }#ftg-55 .tile .ftg-social a { color: #ffffff; }#ftg-55 .tile .caption-block { transition-duration:0.25s; }#ftg-55 .tile .tile-inner:before { background-color: #000000; }#ftg-55 .tile .tile-inner:before { background-color: rgba(0, 0, 0, 0.8); }#ftg-55 .tile:hover img {-moz-transform: ;-webkit-transform: ;-o-transform: ;-ms-transform: ;transform: ;}<\/style>\n<p><a name=\"5\"><\/a><\/p>\n<div class=\"final-tiles-gallery  ftg-hover-enabled caption-inside  caption-none caption-middle caption-center\" id=\"ftg-55\" style=\"width: 100%\">\n<div class='ftg-items'>\n<div class='loading-bar'><i><\/i><\/div>\n<div  class='tile ftg-preload  '><a title=\"\" data-lightbox='ftg-55' rel='ftg-55'  class=' tile-inner  ftg-lightbox' href='https:\/\/gregorgebus.com\/wp-content\/uploads\/2021\/02\/DSC_1624-1024x680.jpg' ><img alt='' class='item skip-lazy' data-class='item' data-ftg-source='https:\/\/gregorgebus.com\/wp-content\/uploads\/2021\/02\/DSC_1624-1024x680.jpg' src='https:\/\/gregorgebus.com\/wp-content\/uploads\/2021\/02\/DSC_1624-1024x680.jpg' width='1024' height='680' \/><\/a><\/p>\n<div class='ftg-social'><\/div>\n<\/div>\n<div  class='tile ftg-preload  '><a title=\"\" data-lightbox='ftg-55' rel='ftg-55'  class=' tile-inner  ftg-lightbox' href='https:\/\/gregorgebus.com\/wp-content\/uploads\/2021\/02\/DSC_1459-680x1024.jpg' ><img alt='' class='item skip-lazy' data-class='item' data-ftg-source='https:\/\/gregorgebus.com\/wp-content\/uploads\/2021\/02\/DSC_1459-680x1024.jpg' src='https:\/\/gregorgebus.com\/wp-content\/uploads\/2021\/02\/DSC_1459-680x1024.jpg' width='680' height='1024' \/><\/a><\/p>\n<div class='ftg-social'><\/div>\n<\/div>\n<div  class='tile ftg-preload  '><a title=\"\" data-lightbox='ftg-55' rel='ftg-55'  class=' tile-inner  ftg-lightbox' href='https:\/\/gregorgebus.com\/wp-content\/uploads\/2021\/02\/DSC_1473-1024x680.jpg' ><img alt='' class='item skip-lazy' data-class='item' data-ftg-source='https:\/\/gregorgebus.com\/wp-content\/uploads\/2021\/02\/DSC_1473-1024x680.jpg' src='https:\/\/gregorgebus.com\/wp-content\/uploads\/2021\/02\/DSC_1473-1024x680.jpg' width='1024' height='680' \/><\/a><\/p>\n<div class='ftg-social'><\/div>\n<\/div>\n<div  class='tile ftg-preload  '><a title=\"\" data-lightbox='ftg-55' rel='ftg-55'  class=' tile-inner  ftg-lightbox' href='https:\/\/gregorgebus.com\/wp-content\/uploads\/2021\/02\/DSC_1671p-1024x680.jpg' ><img alt='' class='item skip-lazy' data-class='item' data-ftg-source='https:\/\/gregorgebus.com\/wp-content\/uploads\/2021\/02\/DSC_1671p-1024x680.jpg' src='https:\/\/gregorgebus.com\/wp-content\/uploads\/2021\/02\/DSC_1671p-1024x680.jpg' width='1024' height='680' \/><\/a><\/p>\n<div class='ftg-social'><\/div>\n<\/div>\n<div  class='tile ftg-preload  '><a title=\"\" data-lightbox='ftg-55' rel='ftg-55'  class=' tile-inner  ftg-lightbox' href='https:\/\/gregorgebus.com\/wp-content\/uploads\/2021\/02\/DSC_1686-1024x680.jpg' ><img alt='' class='item skip-lazy' data-class='item' data-ftg-source='https:\/\/gregorgebus.com\/wp-content\/uploads\/2021\/02\/DSC_1686-1024x680.jpg' src='https:\/\/gregorgebus.com\/wp-content\/uploads\/2021\/02\/DSC_1686-1024x680.jpg' width='1024' height='680' \/><\/a><\/p>\n<div class='ftg-social'><\/div>\n<\/div>\n<div  class='tile ftg-preload  '><a title=\"\" data-lightbox='ftg-55' rel='ftg-55'  class=' tile-inner  ftg-lightbox' href='https:\/\/gregorgebus.com\/wp-content\/uploads\/2021\/02\/DSC_1555-680x1024.jpg' ><img alt='' class='item skip-lazy' data-class='item' data-ftg-source='https:\/\/gregorgebus.com\/wp-content\/uploads\/2021\/02\/DSC_1555-680x1024.jpg' src='https:\/\/gregorgebus.com\/wp-content\/uploads\/2021\/02\/DSC_1555-680x1024.jpg' width='680' height='1024' \/><\/a><\/p>\n<div class='ftg-social'><\/div>\n<\/div>\n<div  class='tile ftg-preload  '><a title=\"\" data-lightbox='ftg-55' rel='ftg-55'  class=' tile-inner  ftg-lightbox' href='https:\/\/gregorgebus.com\/wp-content\/uploads\/2021\/02\/DSC_1591-680x1024.jpg' ><img alt='' class='item skip-lazy' data-class='item' data-ftg-source='https:\/\/gregorgebus.com\/wp-content\/uploads\/2021\/02\/DSC_1591-680x1024.jpg' src='https:\/\/gregorgebus.com\/wp-content\/uploads\/2021\/02\/DSC_1591-680x1024.jpg' width='680' height='1024' \/><\/a><\/p>\n<div class='ftg-social'><\/div>\n<\/div>\n<div  class='tile ftg-preload  '><a title=\"\" data-lightbox='ftg-55' rel='ftg-55'  class=' tile-inner  ftg-lightbox' href='https:\/\/gregorgebus.com\/wp-content\/uploads\/2021\/02\/DSC_1709-680x1024.jpg' ><img alt='' class='item skip-lazy' data-class='item' data-ftg-source='https:\/\/gregorgebus.com\/wp-content\/uploads\/2021\/02\/DSC_1709-680x1024.jpg' src='https:\/\/gregorgebus.com\/wp-content\/uploads\/2021\/02\/DSC_1709-680x1024.jpg' width='680' height='1024' \/><\/a><\/p>\n<div class='ftg-social'><\/div>\n<\/div>\n<div  class='tile ftg-preload  '><a title=\"\" data-lightbox='ftg-55' rel='ftg-55'  class=' tile-inner  ftg-lightbox' href='https:\/\/gregorgebus.com\/wp-content\/uploads\/2021\/02\/DSC_1804-1024x680.jpg' ><img alt='' class='item skip-lazy' data-class='item' data-ftg-source='https:\/\/gregorgebus.com\/wp-content\/uploads\/2021\/02\/DSC_1804-1024x680.jpg' src='https:\/\/gregorgebus.com\/wp-content\/uploads\/2021\/02\/DSC_1804-1024x680.jpg' width='1024' height='680' \/><\/a><\/p>\n<div class='ftg-social'><\/div>\n<\/div>\n<div  class='tile ftg-preload  '><a title=\"\" data-lightbox='ftg-55' rel='ftg-55'  class=' tile-inner  ftg-lightbox' href='https:\/\/gregorgebus.com\/wp-content\/uploads\/2021\/02\/DSC_1450p-1024x680.jpg' ><img alt='' class='item skip-lazy' data-class='item' data-ftg-source='https:\/\/gregorgebus.com\/wp-content\/uploads\/2021\/02\/DSC_1450p-1024x680.jpg' src='https:\/\/gregorgebus.com\/wp-content\/uploads\/2021\/02\/DSC_1450p-1024x680.jpg' width='1024' height='680' \/><\/a><\/p>\n<div class='ftg-social'><\/div>\n<\/div>\n<div  class='tile ftg-preload  '><a title=\"\" data-lightbox='ftg-55' rel='ftg-55'  class=' tile-inner  ftg-lightbox' href='https:\/\/gregorgebus.com\/wp-content\/uploads\/2021\/02\/DSC_1823-680x1024.jpg' ><img alt='' class='item skip-lazy' data-class='item' data-ftg-source='https:\/\/gregorgebus.com\/wp-content\/uploads\/2021\/02\/DSC_1823-680x1024.jpg' src='https:\/\/gregorgebus.com\/wp-content\/uploads\/2021\/02\/DSC_1823-680x1024.jpg' width='680' height='1024' \/><\/a><\/p>\n<div class='ftg-social'><\/div>\n<\/div>\n<div  class='tile ftg-preload  '><a title=\"\" data-lightbox='ftg-55' rel='ftg-55'  class=' tile-inner  ftg-lightbox' href='https:\/\/gregorgebus.com\/wp-content\/uploads\/2021\/02\/DSC_1920-1024x680.jpg' ><img alt='' class='item skip-lazy' data-class='item' data-ftg-source='https:\/\/gregorgebus.com\/wp-content\/uploads\/2021\/02\/DSC_1920-1024x680.jpg' src='https:\/\/gregorgebus.com\/wp-content\/uploads\/2021\/02\/DSC_1920-1024x680.jpg' width='1024' height='680' \/><\/a><\/p>\n<div class='ftg-social'><\/div>\n<\/div>\n<div  class='tile ftg-preload  '><a title=\"\" data-lightbox='ftg-55' rel='ftg-55'  class=' tile-inner  ftg-lightbox' href='https:\/\/gregorgebus.com\/wp-content\/uploads\/2021\/02\/DSC_1849-680x1024.jpg' ><img alt='' class='item skip-lazy' data-class='item' data-ftg-source='https:\/\/gregorgebus.com\/wp-content\/uploads\/2021\/02\/DSC_1849-680x1024.jpg' src='https:\/\/gregorgebus.com\/wp-content\/uploads\/2021\/02\/DSC_1849-680x1024.jpg' width='680' height='1024' \/><\/a><\/p>\n<div class='ftg-social'><\/div>\n<\/div>\n<div  class='tile ftg-preload  '><a title=\"\" data-lightbox='ftg-55' rel='ftg-55'  class=' tile-inner  ftg-lightbox' href='https:\/\/gregorgebus.com\/wp-content\/uploads\/2021\/02\/DSC_1869-1024x680.jpg' ><img alt='' class='item skip-lazy' data-class='item' data-ftg-source='https:\/\/gregorgebus.com\/wp-content\/uploads\/2021\/02\/DSC_1869-1024x680.jpg' src='https:\/\/gregorgebus.com\/wp-content\/uploads\/2021\/02\/DSC_1869-1024x680.jpg' width='1024' height='680' \/><\/a><\/p>\n<div class='ftg-social'><\/div>\n<\/div>\n<div  class='tile ftg-preload  '><a title=\"\" data-lightbox='ftg-55' rel='ftg-55'  class=' tile-inner  ftg-lightbox' href='https:\/\/gregorgebus.com\/wp-content\/uploads\/2021\/02\/DSC_1898-1024x680.jpg' ><img alt='' class='item skip-lazy' data-class='item' data-ftg-source='https:\/\/gregorgebus.com\/wp-content\/uploads\/2021\/02\/DSC_1898-1024x680.jpg' src='https:\/\/gregorgebus.com\/wp-content\/uploads\/2021\/02\/DSC_1898-1024x680.jpg' width='1024' height='680' \/><\/a><\/p>\n<div class='ftg-social'><\/div>\n<\/div>\n<div  class='tile ftg-preload  '><a title=\"\" data-lightbox='ftg-55' rel='ftg-55'  class=' tile-inner  ftg-lightbox' href='https:\/\/gregorgebus.com\/wp-content\/uploads\/2021\/02\/DSC_0359przyc-1024x683.jpg' ><img alt='' class='item skip-lazy' data-class='item' data-ftg-source='https:\/\/gregorgebus.com\/wp-content\/uploads\/2021\/02\/DSC_0359przyc-1024x683.jpg' src='https:\/\/gregorgebus.com\/wp-content\/uploads\/2021\/02\/DSC_0359przyc-1024x683.jpg' width='1024' height='683' \/><\/a><\/p>\n<div class='ftg-social'><\/div>\n<\/div>\n<div  class='tile ftg-preload  '><a title=\"\" data-lightbox='ftg-55' rel='ftg-55'  class=' tile-inner  ftg-lightbox' href='https:\/\/gregorgebus.com\/wp-content\/uploads\/2021\/02\/DSC_0356przyciete-1024x686.jpg' ><img alt='' class='item skip-lazy' data-class='item' data-ftg-source='https:\/\/gregorgebus.com\/wp-content\/uploads\/2021\/02\/DSC_0356przyciete-1024x686.jpg' src='https:\/\/gregorgebus.com\/wp-content\/uploads\/2021\/02\/DSC_0356przyciete-1024x686.jpg' width='1024' height='686' \/><\/a><\/p>\n<div class='ftg-social'><\/div>\n<\/div>\n<div  class='tile ftg-preload  '><a title=\"\" data-lightbox='ftg-55' rel='ftg-55'  class=' tile-inner  ftg-lightbox' href='https:\/\/gregorgebus.com\/wp-content\/uploads\/2021\/02\/DSC_0369przycietep-1024x685.jpg' ><img alt='' class='item skip-lazy' data-class='item' data-ftg-source='https:\/\/gregorgebus.com\/wp-content\/uploads\/2021\/02\/DSC_0369przycietep-1024x685.jpg' src='https:\/\/gregorgebus.com\/wp-content\/uploads\/2021\/02\/DSC_0369przycietep-1024x685.jpg' width='1024' height='685' \/><\/a><\/p>\n<div class='ftg-social'><\/div>\n<\/div>\n<div  class='tile ftg-preload  '><a title=\"\" data-lightbox='ftg-55' rel='ftg-55'  class=' tile-inner  ftg-lightbox' href='https:\/\/gregorgebus.com\/wp-content\/uploads\/2021\/02\/DSC_0295-1024x685.jpg' ><img alt='' class='item skip-lazy' data-class='item' data-ftg-source='https:\/\/gregorgebus.com\/wp-content\/uploads\/2021\/02\/DSC_0295-1024x685.jpg' src='https:\/\/gregorgebus.com\/wp-content\/uploads\/2021\/02\/DSC_0295-1024x685.jpg' width='1024' height='685' \/><\/a><\/p>\n<div class='ftg-social'><\/div>\n<\/div>\n<div  class='tile ftg-preload  '><a title=\"\" data-lightbox='ftg-55' rel='ftg-55'  class=' tile-inner  ftg-lightbox' href='https:\/\/gregorgebus.com\/wp-content\/uploads\/2021\/02\/DSC_0342-1024x685.jpg' ><img alt='' class='item skip-lazy' data-class='item' data-ftg-source='https:\/\/gregorgebus.com\/wp-content\/uploads\/2021\/02\/DSC_0342-1024x685.jpg' src='https:\/\/gregorgebus.com\/wp-content\/uploads\/2021\/02\/DSC_0342-1024x685.jpg' width='1024' height='685' \/><\/a><\/p>\n<div class='ftg-social'><\/div>\n<\/div>\n<div  class='tile ftg-preload  '><a title=\"\" data-lightbox='ftg-55' rel='ftg-55'  class=' tile-inner  ftg-lightbox' href='https:\/\/gregorgebus.com\/wp-content\/uploads\/2020\/03\/s\u0142upsk-fotograf-gregor-g\u0119bu\u015b-szczecin-komunia-\u015bwi\u0119ta-pierwsza-alba-dzieci\u0119ca-fotografia-6-1024x685.jpg' ><img alt='s\u0142upsk-fotograf-gregor-g\u0119bu\u015b-szczecin-komunia-\u015bwi\u0119ta-pierwsza-alba-dzieci\u0119ca-fotografia' class='item skip-lazy' data-class='item' data-ftg-source='https:\/\/gregorgebus.com\/wp-content\/uploads\/2020\/03\/s\u0142upsk-fotograf-gregor-g\u0119bu\u015b-szczecin-komunia-\u015bwi\u0119ta-pierwsza-alba-dzieci\u0119ca-fotografia-6-1024x685.jpg' src='https:\/\/gregorgebus.com\/wp-content\/uploads\/2020\/03\/s\u0142upsk-fotograf-gregor-g\u0119bu\u015b-szczecin-komunia-\u015bwi\u0119ta-pierwsza-alba-dzieci\u0119ca-fotografia-6-1024x685.jpg' width='1600' height='1071' \/><\/a><\/p>\n<div class='ftg-social'><\/div>\n<\/div>\n<div  class='tile ftg-preload  '><a title=\"\" data-lightbox='ftg-55' rel='ftg-55'  class=' tile-inner  ftg-lightbox' href='https:\/\/gregorgebus.com\/wp-content\/uploads\/2020\/03\/s\u0142upsk-fotograf-gregor-g\u0119bu\u015b-szczecin-komunia-\u015bwi\u0119ta-pierwsza-alba-dzieci\u0119ca-fotografia-11-685x1024.jpg' ><img alt='s\u0142upsk-fotograf-gregor-g\u0119bu\u015b-szczecin-komunia-\u015bwi\u0119ta-pierwsza-alba-dzieci\u0119ca-fotografia' class='item skip-lazy' data-class='item' data-ftg-source='https:\/\/gregorgebus.com\/wp-content\/uploads\/2020\/03\/s\u0142upsk-fotograf-gregor-g\u0119bu\u015b-szczecin-komunia-\u015bwi\u0119ta-pierwsza-alba-dzieci\u0119ca-fotografia-11-685x1024.jpg' src='https:\/\/gregorgebus.com\/wp-content\/uploads\/2020\/03\/s\u0142upsk-fotograf-gregor-g\u0119bu\u015b-szczecin-komunia-\u015bwi\u0119ta-pierwsza-alba-dzieci\u0119ca-fotografia-11-685x1024.jpg' width='1071' height='1600' \/><\/a><\/p>\n<div class='ftg-social'><\/div>\n<\/div>\n<div  class='tile ftg-preload  '><a title=\"\" data-lightbox='ftg-55' rel='ftg-55'  class=' tile-inner  ftg-lightbox' href='https:\/\/gregorgebus.com\/wp-content\/uploads\/2020\/03\/s\u0142upsk-fotograf-gregor-g\u0119bu\u015b-szczecin-komunia-\u015bwi\u0119ta-pierwsza-alba-dzieci\u0119ca-fotografia-4-1024x685.jpg' ><img alt='s\u0142upsk-fotograf-gregor-g\u0119bu\u015b-szczecin-komunia-\u015bwi\u0119ta-pierwsza-alba-dzieci\u0119ca-fotografia' class='item skip-lazy' data-class='item' data-ftg-source='https:\/\/gregorgebus.com\/wp-content\/uploads\/2020\/03\/s\u0142upsk-fotograf-gregor-g\u0119bu\u015b-szczecin-komunia-\u015bwi\u0119ta-pierwsza-alba-dzieci\u0119ca-fotografia-4-1024x685.jpg' src='https:\/\/gregorgebus.com\/wp-content\/uploads\/2020\/03\/s\u0142upsk-fotograf-gregor-g\u0119bu\u015b-szczecin-komunia-\u015bwi\u0119ta-pierwsza-alba-dzieci\u0119ca-fotografia-4-1024x685.jpg' width='1600' height='1071' \/><\/a><\/p>\n<div class='ftg-social'><\/div>\n<\/div>\n<div  class='tile ftg-preload  '><a title=\"\" data-lightbox='ftg-55' rel='ftg-55'  class=' tile-inner  ftg-lightbox' href='https:\/\/gregorgebus.com\/wp-content\/uploads\/2020\/03\/s\u0142upsk-fotograf-gregor-g\u0119bu\u015b-szczecin-komunia-\u015bwi\u0119ta-pierwsza-alba-dzieci\u0119ca-fotografia-3-685x1024.jpg' ><img alt='s\u0142upsk-fotograf-gregor-g\u0119bu\u015b-szczecin-komunia-\u015bwi\u0119ta-pierwsza-alba-dzieci\u0119ca-fotografia' class='item skip-lazy' data-class='item' data-ftg-source='https:\/\/gregorgebus.com\/wp-content\/uploads\/2020\/03\/s\u0142upsk-fotograf-gregor-g\u0119bu\u015b-szczecin-komunia-\u015bwi\u0119ta-pierwsza-alba-dzieci\u0119ca-fotografia-3-685x1024.jpg' src='https:\/\/gregorgebus.com\/wp-content\/uploads\/2020\/03\/s\u0142upsk-fotograf-gregor-g\u0119bu\u015b-szczecin-komunia-\u015bwi\u0119ta-pierwsza-alba-dzieci\u0119ca-fotografia-3-685x1024.jpg' width='1071' height='1600' \/><\/a><\/p>\n<div class='ftg-social'><\/div>\n<\/div>\n<div  class='tile ftg-preload  '><a title=\"\" data-lightbox='ftg-55' rel='ftg-55'  class=' tile-inner  ftg-lightbox' href='https:\/\/gregorgebus.com\/wp-content\/uploads\/2020\/03\/s\u0142upsk-fotograf-gregor-g\u0119bu\u015b-szczecin-komunia-\u015bwi\u0119ta-pierwsza-alba-dzieci\u0119ca-fotografia-2-685x1024.jpg' ><img alt='s\u0142upsk-fotograf-gregor-g\u0119bu\u015b-szczecin-komunia-\u015bwi\u0119ta-pierwsza-alba-dzieci\u0119ca-fotografia' class='item skip-lazy' data-class='item' data-ftg-source='https:\/\/gregorgebus.com\/wp-content\/uploads\/2020\/03\/s\u0142upsk-fotograf-gregor-g\u0119bu\u015b-szczecin-komunia-\u015bwi\u0119ta-pierwsza-alba-dzieci\u0119ca-fotografia-2-685x1024.jpg' src='https:\/\/gregorgebus.com\/wp-content\/uploads\/2020\/03\/s\u0142upsk-fotograf-gregor-g\u0119bu\u015b-szczecin-komunia-\u015bwi\u0119ta-pierwsza-alba-dzieci\u0119ca-fotografia-2-685x1024.jpg' width='1071' height='1600' \/><\/a><\/p>\n<div class='ftg-social'><\/div>\n<\/div>\n<div  class='tile ftg-preload  '><a title=\"\" data-lightbox='ftg-55' rel='ftg-55'  class=' tile-inner  ftg-lightbox' href='https:\/\/gregorgebus.com\/wp-content\/uploads\/2020\/03\/s\u0142upsk-fotograf-gregor-g\u0119bu\u015b-szczecin-komunia-\u015bwi\u0119ta-pierwsza-alba-dzieci\u0119ca-fotografia-10-1024x685.jpg' ><img alt='s\u0142upsk-fotograf-gregor-g\u0119bu\u015b-szczecin-komunia-\u015bwi\u0119ta-pierwsza-alba-dzieci\u0119ca-fotografia' class='item skip-lazy' data-class='item' data-ftg-source='https:\/\/gregorgebus.com\/wp-content\/uploads\/2020\/03\/s\u0142upsk-fotograf-gregor-g\u0119bu\u015b-szczecin-komunia-\u015bwi\u0119ta-pierwsza-alba-dzieci\u0119ca-fotografia-10-1024x685.jpg' src='https:\/\/gregorgebus.com\/wp-content\/uploads\/2020\/03\/s\u0142upsk-fotograf-gregor-g\u0119bu\u015b-szczecin-komunia-\u015bwi\u0119ta-pierwsza-alba-dzieci\u0119ca-fotografia-10-1024x685.jpg' width='1600' height='1071' \/><\/a><\/p>\n<div class='ftg-social'><\/div>\n<\/div>\n<div  class='tile ftg-preload  '><a title=\"\" data-lightbox='ftg-55' rel='ftg-55'  class=' tile-inner  ftg-lightbox' href='https:\/\/gregorgebus.com\/wp-content\/uploads\/2020\/03\/s\u0142upsk-fotograf-gregor-g\u0119bu\u015b-szczecin-komunia-\u015bwi\u0119ta-pierwsza-alba-dzieci\u0119ca-fotografia-9-1024x685.jpg' ><img alt='s\u0142upsk-fotograf-gregor-g\u0119bu\u015b-szczecin-komunia-\u015bwi\u0119ta-pierwsza-alba-dzieci\u0119ca-fotografia' class='item skip-lazy' data-class='item' data-ftg-source='https:\/\/gregorgebus.com\/wp-content\/uploads\/2020\/03\/s\u0142upsk-fotograf-gregor-g\u0119bu\u015b-szczecin-komunia-\u015bwi\u0119ta-pierwsza-alba-dzieci\u0119ca-fotografia-9-1024x685.jpg' src='https:\/\/gregorgebus.com\/wp-content\/uploads\/2020\/03\/s\u0142upsk-fotograf-gregor-g\u0119bu\u015b-szczecin-komunia-\u015bwi\u0119ta-pierwsza-alba-dzieci\u0119ca-fotografia-9-1024x685.jpg' width='1600' height='1071' \/><\/a><\/p>\n<div class='ftg-social'><\/div>\n<\/div>\n<div  class='tile ftg-preload  '><a title=\"\" data-lightbox='ftg-55' rel='ftg-55'  class=' tile-inner  ftg-lightbox' href='https:\/\/gregorgebus.com\/wp-content\/uploads\/2020\/03\/s\u0142upsk-fotograf-gregor-g\u0119bu\u015b-szczecin-komunia-\u015bwi\u0119ta-pierwsza-alba-dzieci\u0119ca-fotografia-8-1024x685.jpg' ><img alt='s\u0142upsk-fotograf-gregor-g\u0119bu\u015b-szczecin-komunia-\u015bwi\u0119ta-pierwsza-alba-dzieci\u0119ca-fotografia' class='item skip-lazy' data-class='item' data-ftg-source='https:\/\/gregorgebus.com\/wp-content\/uploads\/2020\/03\/s\u0142upsk-fotograf-gregor-g\u0119bu\u015b-szczecin-komunia-\u015bwi\u0119ta-pierwsza-alba-dzieci\u0119ca-fotografia-8-1024x685.jpg' src='https:\/\/gregorgebus.com\/wp-content\/uploads\/2020\/03\/s\u0142upsk-fotograf-gregor-g\u0119bu\u015b-szczecin-komunia-\u015bwi\u0119ta-pierwsza-alba-dzieci\u0119ca-fotografia-8-1024x685.jpg' width='1600' height='1071' \/><\/a><\/p>\n<div class='ftg-social'><\/div>\n<\/div>\n<div  class='tile ftg-preload  '><a title=\"\" data-lightbox='ftg-55' rel='ftg-55'  class=' tile-inner  ftg-lightbox' href='https:\/\/gregorgebus.com\/wp-content\/uploads\/2020\/03\/s\u0142upsk-fotograf-gregor-g\u0119bu\u015b-szczecin-komunia-\u015bwi\u0119ta-pierwsza-alba-dzieci\u0119ca-fotografia-7-685x1024.jpg' ><img alt='s\u0142upsk-fotograf-gregor-g\u0119bu\u015b-szczecin-komunia-\u015bwi\u0119ta-pierwsza-alba-dzieci\u0119ca-fotografia' class='item skip-lazy' data-class='item' data-ftg-source='https:\/\/gregorgebus.com\/wp-content\/uploads\/2020\/03\/s\u0142upsk-fotograf-gregor-g\u0119bu\u015b-szczecin-komunia-\u015bwi\u0119ta-pierwsza-alba-dzieci\u0119ca-fotografia-7-685x1024.jpg' src='https:\/\/gregorgebus.com\/wp-content\/uploads\/2020\/03\/s\u0142upsk-fotograf-gregor-g\u0119bu\u015b-szczecin-komunia-\u015bwi\u0119ta-pierwsza-alba-dzieci\u0119ca-fotografia-7-685x1024.jpg' width='1071' height='1600' \/><\/a><\/p>\n<div class='ftg-social'><\/div>\n<\/div>\n<div  class='tile ftg-preload  '><a title=\"\" data-lightbox='ftg-55' rel='ftg-55'  class=' tile-inner  ftg-lightbox' href='https:\/\/gregorgebus.com\/wp-content\/uploads\/2020\/03\/s\u0142upsk-fotograf-gregor-g\u0119bu\u015b-szczecin-komunia-\u015bwi\u0119ta-pierwsza-alba-dzieci\u0119ca-fotografia-1024x685.jpg' ><img alt='s\u0142upsk-fotograf-gregor-g\u0119bu\u015b-szczecin-komunia-\u015bwi\u0119ta-pierwsza-alba-dzieci\u0119ca-fotografia' class='item skip-lazy' data-class='item' data-ftg-source='https:\/\/gregorgebus.com\/wp-content\/uploads\/2020\/03\/s\u0142upsk-fotograf-gregor-g\u0119bu\u015b-szczecin-komunia-\u015bwi\u0119ta-pierwsza-alba-dzieci\u0119ca-fotografia-1024x685.jpg' src='https:\/\/gregorgebus.com\/wp-content\/uploads\/2020\/03\/s\u0142upsk-fotograf-gregor-g\u0119bu\u015b-szczecin-komunia-\u015bwi\u0119ta-pierwsza-alba-dzieci\u0119ca-fotografia-1024x685.jpg' width='1600' height='1071' \/><\/a><\/p>\n<div class='ftg-social'><\/div>\n<\/div>\n<div  class='tile ftg-preload  '><a title=\"\" data-lightbox='ftg-55' rel='ftg-55'  class=' tile-inner  ftg-lightbox' href='https:\/\/gregorgebus.com\/wp-content\/uploads\/2020\/03\/s\u0142upsk-fotograf-gregor-g\u0119bu\u015b-szczecin-komunia-\u015bwi\u0119ta-pierwsza-alba-dzieci\u0119ca-fotografia-14-1024x685.jpg' ><img alt='s\u0142upsk-fotograf-gregor-g\u0119bu\u015b-szczecin-komunia-\u015bwi\u0119ta-pierwsza-alba-dzieci\u0119ca-fotografia' class='item skip-lazy' data-class='item' data-ftg-source='https:\/\/gregorgebus.com\/wp-content\/uploads\/2020\/03\/s\u0142upsk-fotograf-gregor-g\u0119bu\u015b-szczecin-komunia-\u015bwi\u0119ta-pierwsza-alba-dzieci\u0119ca-fotografia-14-1024x685.jpg' src='https:\/\/gregorgebus.com\/wp-content\/uploads\/2020\/03\/s\u0142upsk-fotograf-gregor-g\u0119bu\u015b-szczecin-komunia-\u015bwi\u0119ta-pierwsza-alba-dzieci\u0119ca-fotografia-14-1024x685.jpg' width='1600' height='1071' \/><\/a><\/p>\n<div class='ftg-social'><\/div>\n<\/div>\n<div  class='tile ftg-preload  '><a title=\"\" data-lightbox='ftg-55' rel='ftg-55'  class=' tile-inner  ftg-lightbox' href='https:\/\/gregorgebus.com\/wp-content\/uploads\/2020\/03\/s\u0142upsk-fotograf-gregor-g\u0119bu\u015b-szczecin-komunia-\u015bwi\u0119ta-pierwsza-alba-dzieci\u0119ca-fotografia-13-685x1024.jpg' ><img alt='s\u0142upsk-fotograf-gregor-g\u0119bu\u015b-szczecin-komunia-\u015bwi\u0119ta-pierwsza-alba-dzieci\u0119ca-fotografia' class='item skip-lazy' data-class='item' data-ftg-source='https:\/\/gregorgebus.com\/wp-content\/uploads\/2020\/03\/s\u0142upsk-fotograf-gregor-g\u0119bu\u015b-szczecin-komunia-\u015bwi\u0119ta-pierwsza-alba-dzieci\u0119ca-fotografia-13-685x1024.jpg' src='https:\/\/gregorgebus.com\/wp-content\/uploads\/2020\/03\/s\u0142upsk-fotograf-gregor-g\u0119bu\u015b-szczecin-komunia-\u015bwi\u0119ta-pierwsza-alba-dzieci\u0119ca-fotografia-13-685x1024.jpg' width='1071' height='1600' \/><\/a><\/p>\n<div class='ftg-social'><\/div>\n<\/div>\n<div  class='tile ftg-preload  '><a title=\"\" data-lightbox='ftg-55' rel='ftg-55'  class=' tile-inner  ftg-lightbox' href='https:\/\/gregorgebus.com\/wp-content\/uploads\/2020\/03\/s\u0142upsk-fotograf-gregor-g\u0119bu\u015b-szczecin-komunia-\u015bwi\u0119ta-pierwsza-alba-dzieci\u0119ca-fotografia-12-685x1024.jpg' ><img alt='s\u0142upsk-fotograf-gregor-g\u0119bu\u015b-szczecin-komunia-\u015bwi\u0119ta-pierwsza-alba-dzieci\u0119ca-fotografia' class='item skip-lazy' data-class='item' data-ftg-source='https:\/\/gregorgebus.com\/wp-content\/uploads\/2020\/03\/s\u0142upsk-fotograf-gregor-g\u0119bu\u015b-szczecin-komunia-\u015bwi\u0119ta-pierwsza-alba-dzieci\u0119ca-fotografia-12-685x1024.jpg' src='https:\/\/gregorgebus.com\/wp-content\/uploads\/2020\/03\/s\u0142upsk-fotograf-gregor-g\u0119bu\u015b-szczecin-komunia-\u015bwi\u0119ta-pierwsza-alba-dzieci\u0119ca-fotografia-12-685x1024.jpg' width='1071' height='1600' \/><\/a><\/p>\n<div class='ftg-social'><\/div>\n<\/div>\n<div  class='tile ftg-preload  '><a title=\"\" data-lightbox='ftg-55' rel='ftg-55'  class=' tile-inner  ftg-lightbox' href='https:\/\/gregorgebus.com\/wp-content\/uploads\/2020\/03\/s\u0142upsk-fotograf-gregor-g\u0119bu\u015b-szczecin-dzieci\u0119ca-fotografia-rodzinna-ojciec-syn-c\u00f3rka-rodzina-3-1024x680.jpg' ><img alt='s\u0142upsk-fotograf-gregor-g\u0119bu\u015b-szczecin-dzieci\u0119ca-fotografia-rodzinna-ojciec-syn-c\u00f3rka-rodzina' class='item skip-lazy' data-class='item' data-ftg-source='https:\/\/gregorgebus.com\/wp-content\/uploads\/2020\/03\/s\u0142upsk-fotograf-gregor-g\u0119bu\u015b-szczecin-dzieci\u0119ca-fotografia-rodzinna-ojciec-syn-c\u00f3rka-rodzina-3-1024x680.jpg' src='https:\/\/gregorgebus.com\/wp-content\/uploads\/2020\/03\/s\u0142upsk-fotograf-gregor-g\u0119bu\u015b-szczecin-dzieci\u0119ca-fotografia-rodzinna-ojciec-syn-c\u00f3rka-rodzina-3-1024x680.jpg' width='1600' height='1063' \/><\/a><\/p>\n<div class='ftg-social'><\/div>\n<\/div>\n<div  class='tile ftg-preload  '><a title=\"\" data-lightbox='ftg-55' rel='ftg-55'  class=' tile-inner  ftg-lightbox' href='https:\/\/gregorgebus.com\/wp-content\/uploads\/2020\/03\/s\u0142upsk-fotograf-gregor-g\u0119bu\u015b-szczecin-dzieci\u0119ca-fotografia-rodzinna-ojciec-syn-c\u00f3rka-rodzina-5-1024x749.jpg' ><img alt='s\u0142upsk-fotograf-gregor-g\u0119bu\u015b-szczecin-dzieci\u0119ca-fotografia-rodzinna-ojciec-syn-c\u00f3rka-rodzina' class='item skip-lazy' data-class='item' data-ftg-source='https:\/\/gregorgebus.com\/wp-content\/uploads\/2020\/03\/s\u0142upsk-fotograf-gregor-g\u0119bu\u015b-szczecin-dzieci\u0119ca-fotografia-rodzinna-ojciec-syn-c\u00f3rka-rodzina-5-1024x749.jpg' src='https:\/\/gregorgebus.com\/wp-content\/uploads\/2020\/03\/s\u0142upsk-fotograf-gregor-g\u0119bu\u015b-szczecin-dzieci\u0119ca-fotografia-rodzinna-ojciec-syn-c\u00f3rka-rodzina-5-1024x749.jpg' width='1600' height='1171' \/><\/a><\/p>\n<div class='ftg-social'><\/div>\n<\/div>\n<div  class='tile ftg-preload  '><a title=\"\" data-lightbox='ftg-55' rel='ftg-55'  class=' tile-inner  ftg-lightbox' href='https:\/\/gregorgebus.com\/wp-content\/uploads\/2020\/03\/s\u0142upsk-fotograf-gregor-g\u0119bu\u015b-szczecin-dzieci\u0119ca-fotografia-rodzinna-ojciec-syn-c\u00f3rka-rodzina-4-1024x680.jpg' ><img alt='s\u0142upsk-fotograf-gregor-g\u0119bu\u015b-szczecin-dzieci\u0119ca-fotografia-rodzinna-ojciec-syn-c\u00f3rka-rodzina' class='item skip-lazy' data-class='item' data-ftg-source='https:\/\/gregorgebus.com\/wp-content\/uploads\/2020\/03\/s\u0142upsk-fotograf-gregor-g\u0119bu\u015b-szczecin-dzieci\u0119ca-fotografia-rodzinna-ojciec-syn-c\u00f3rka-rodzina-4-1024x680.jpg' src='https:\/\/gregorgebus.com\/wp-content\/uploads\/2020\/03\/s\u0142upsk-fotograf-gregor-g\u0119bu\u015b-szczecin-dzieci\u0119ca-fotografia-rodzinna-ojciec-syn-c\u00f3rka-rodzina-4-1024x680.jpg' width='1600' height='1063' \/><\/a><\/p>\n<div class='ftg-social'><\/div>\n<\/div>\n<div  class='tile ftg-preload  '><a title=\"\" data-lightbox='ftg-55' rel='ftg-55'  class=' tile-inner  ftg-lightbox' href='https:\/\/gregorgebus.com\/wp-content\/uploads\/2020\/03\/s\u0142upsk-fotograf-gregor-g\u0119bu\u015b-szczecin-dzieci\u0119ca-fotografia-rodzinna-ojciec-syn-c\u00f3rka-rodzina-7-1024x680.jpg' ><img alt='s\u0142upsk-fotograf-gregor-g\u0119bu\u015b-szczecin-dzieci\u0119ca-fotografia-rodzinna-ojciec-syn-c\u00f3rka-rodzina' class='item skip-lazy' data-class='item' data-ftg-source='https:\/\/gregorgebus.com\/wp-content\/uploads\/2020\/03\/s\u0142upsk-fotograf-gregor-g\u0119bu\u015b-szczecin-dzieci\u0119ca-fotografia-rodzinna-ojciec-syn-c\u00f3rka-rodzina-7-1024x680.jpg' src='https:\/\/gregorgebus.com\/wp-content\/uploads\/2020\/03\/s\u0142upsk-fotograf-gregor-g\u0119bu\u015b-szczecin-dzieci\u0119ca-fotografia-rodzinna-ojciec-syn-c\u00f3rka-rodzina-7-1024x680.jpg' width='1600' height='1063' \/><\/a><\/p>\n<div class='ftg-social'><\/div>\n<\/div>\n<div  class='tile ftg-preload  '><a title=\"\" data-lightbox='ftg-55' rel='ftg-55'  class=' tile-inner  ftg-lightbox' href='https:\/\/gregorgebus.com\/wp-content\/uploads\/2020\/03\/s\u0142upsk-fotograf-gregor-g\u0119bu\u015b-szczecin-dzieci\u0119ca-fotografia-rodzinna-ojciec-syn-c\u00f3rka-rodzina-2-680x1024.jpg' ><img alt='s\u0142upsk-fotograf-gregor-g\u0119bu\u015b-szczecin-dzieci\u0119ca-fotografia-rodzinna-ojciec-syn-c\u00f3rka-rodzina' class='item skip-lazy' data-class='item' data-ftg-source='https:\/\/gregorgebus.com\/wp-content\/uploads\/2020\/03\/s\u0142upsk-fotograf-gregor-g\u0119bu\u015b-szczecin-dzieci\u0119ca-fotografia-rodzinna-ojciec-syn-c\u00f3rka-rodzina-2-680x1024.jpg' src='https:\/\/gregorgebus.com\/wp-content\/uploads\/2020\/03\/s\u0142upsk-fotograf-gregor-g\u0119bu\u015b-szczecin-dzieci\u0119ca-fotografia-rodzinna-ojciec-syn-c\u00f3rka-rodzina-2-680x1024.jpg' width='1063' height='1600' \/><\/a><\/p>\n<div class='ftg-social'><\/div>\n<\/div>\n<div  class='tile ftg-preload  '><a title=\"\" data-lightbox='ftg-55' rel='ftg-55'  class=' tile-inner  ftg-lightbox' href='https:\/\/gregorgebus.com\/wp-content\/uploads\/2020\/03\/s\u0142upsk-fotograf-gregor-g\u0119bu\u015b-szczecin-dzieci\u0119ca-fotografia-rodzinna-ojciec-syn-c\u00f3rka-rodzina-1024x680.jpg' ><img alt='s\u0142upsk-fotograf-gregor-g\u0119bu\u015b-szczecin-dzieci\u0119ca-fotografia-rodzinna-ojciec-syn-c\u00f3rka-rodzina' class='item skip-lazy' data-class='item' data-ftg-source='https:\/\/gregorgebus.com\/wp-content\/uploads\/2020\/03\/s\u0142upsk-fotograf-gregor-g\u0119bu\u015b-szczecin-dzieci\u0119ca-fotografia-rodzinna-ojciec-syn-c\u00f3rka-rodzina-1024x680.jpg' src='https:\/\/gregorgebus.com\/wp-content\/uploads\/2020\/03\/s\u0142upsk-fotograf-gregor-g\u0119bu\u015b-szczecin-dzieci\u0119ca-fotografia-rodzinna-ojciec-syn-c\u00f3rka-rodzina-1024x680.jpg' width='1600' height='1063' \/><\/a><\/p>\n<div class='ftg-social'><\/div>\n<\/div>\n<div  class='tile ftg-preload  '><a title=\"\" data-lightbox='ftg-55' rel='ftg-55'  class=' tile-inner  ftg-lightbox' href='https:\/\/gregorgebus.com\/wp-content\/uploads\/2020\/03\/s\u0142upsk-fotograf-gregor-g\u0119bu\u015b-szczecin-dzieci\u0119ca-fotografia-rodzinna-ojciec-syn-c\u00f3rka-rodzina-6-1024x680.jpg' ><img alt='s\u0142upsk-fotograf-gregor-g\u0119bu\u015b-szczecin-dzieci\u0119ca-fotografia-rodzinna-ojciec-syn-c\u00f3rka-rodzina' class='item skip-lazy' data-class='item' data-ftg-source='https:\/\/gregorgebus.com\/wp-content\/uploads\/2020\/03\/s\u0142upsk-fotograf-gregor-g\u0119bu\u015b-szczecin-dzieci\u0119ca-fotografia-rodzinna-ojciec-syn-c\u00f3rka-rodzina-6-1024x680.jpg' src='https:\/\/gregorgebus.com\/wp-content\/uploads\/2020\/03\/s\u0142upsk-fotograf-gregor-g\u0119bu\u015b-szczecin-dzieci\u0119ca-fotografia-rodzinna-ojciec-syn-c\u00f3rka-rodzina-6-1024x680.jpg' width='1600' height='1063' \/><\/a><\/p>\n<div class='ftg-social'><\/div>\n<\/div>\n<div  class='tile ftg-preload  '><a title=\"\" data-lightbox='ftg-55' rel='ftg-55'  class=' tile-inner  ftg-lightbox' href='https:\/\/gregorgebus.com\/wp-content\/uploads\/2020\/03\/s\u0142upsk-fotograf-gregor-g\u0119bu\u015b-dzieci\u0119ca-dziecko-fotografia.jpg' ><img alt='s\u0142upsk-fotograf-gregor-g\u0119bu\u015b-dzieci\u0119ca-dziecko-fotografia' class='item skip-lazy' data-class='item' data-ftg-source='https:\/\/gregorgebus.com\/wp-content\/uploads\/2020\/03\/s\u0142upsk-fotograf-gregor-g\u0119bu\u015b-dzieci\u0119ca-dziecko-fotografia.jpg' src='https:\/\/gregorgebus.com\/wp-content\/uploads\/2020\/03\/s\u0142upsk-fotograf-gregor-g\u0119bu\u015b-dzieci\u0119ca-dziecko-fotografia.jpg' width='1000' height='669' \/><\/a><\/p>\n<div class='ftg-social'><\/div>\n<\/div>\n<div  class='tile ftg-preload  '><a title=\"\" data-lightbox='ftg-55' rel='ftg-55'  class=' tile-inner  ftg-lightbox' href='https:\/\/gregorgebus.com\/wp-content\/uploads\/2020\/03\/s\u0142upsk-fotograf-gregor-g\u0119bu\u015b-dzieci\u0119ca-dziecko-fotografia-13.jpg' ><img alt='s\u0142upsk-fotograf-gregor-g\u0119bu\u015b-dzieci\u0119ca-dziecko-fotografia' class='item skip-lazy' data-class='item' data-ftg-source='https:\/\/gregorgebus.com\/wp-content\/uploads\/2020\/03\/s\u0142upsk-fotograf-gregor-g\u0119bu\u015b-dzieci\u0119ca-dziecko-fotografia-13.jpg' src='https:\/\/gregorgebus.com\/wp-content\/uploads\/2020\/03\/s\u0142upsk-fotograf-gregor-g\u0119bu\u015b-dzieci\u0119ca-dziecko-fotografia-13.jpg' width='1000' height='669' \/><\/a><\/p>\n<div class='ftg-social'><\/div>\n<\/div>\n<div  class='tile ftg-preload  '><a title=\"\" data-lightbox='ftg-55' rel='ftg-55'  class=' tile-inner  ftg-lightbox' href='https:\/\/gregorgebus.com\/wp-content\/uploads\/2020\/03\/s\u0142upsk-fotograf-gregor-g\u0119bu\u015b-dzieci\u0119ca-dziecko-fotografia-11.jpg' ><img alt='s\u0142upsk-fotograf-gregor-g\u0119bu\u015b-dzieci\u0119ca-dziecko-fotografia' class='item skip-lazy' data-class='item' data-ftg-source='https:\/\/gregorgebus.com\/wp-content\/uploads\/2020\/03\/s\u0142upsk-fotograf-gregor-g\u0119bu\u015b-dzieci\u0119ca-dziecko-fotografia-11.jpg' src='https:\/\/gregorgebus.com\/wp-content\/uploads\/2020\/03\/s\u0142upsk-fotograf-gregor-g\u0119bu\u015b-dzieci\u0119ca-dziecko-fotografia-11.jpg' width='669' height='1000' \/><\/a><\/p>\n<div class='ftg-social'><\/div>\n<\/div>\n<div  class='tile ftg-preload  '><a title=\"\" data-lightbox='ftg-55' rel='ftg-55'  class=' tile-inner  ftg-lightbox' href='https:\/\/gregorgebus.com\/wp-content\/uploads\/2020\/03\/s\u0142upsk-fotograf-gregor-g\u0119bu\u015b-dzieci\u0119ca-dziecko-fotografia-12.jpg' ><img alt='s\u0142upsk-fotograf-gregor-g\u0119bu\u015b-dzieci\u0119ca-dziecko-fotografia' class='item skip-lazy' data-class='item' data-ftg-source='https:\/\/gregorgebus.com\/wp-content\/uploads\/2020\/03\/s\u0142upsk-fotograf-gregor-g\u0119bu\u015b-dzieci\u0119ca-dziecko-fotografia-12.jpg' src='https:\/\/gregorgebus.com\/wp-content\/uploads\/2020\/03\/s\u0142upsk-fotograf-gregor-g\u0119bu\u015b-dzieci\u0119ca-dziecko-fotografia-12.jpg' width='1000' height='669' \/><\/a><\/p>\n<div class='ftg-social'><\/div>\n<\/div>\n<div  class='tile ftg-preload  '><a title=\"\" data-lightbox='ftg-55' rel='ftg-55'  class=' tile-inner  ftg-lightbox' href='https:\/\/gregorgebus.com\/wp-content\/uploads\/2020\/03\/s\u0142upsk-fotograf-gregor-g\u0119bu\u015b-dzieci\u0119ca-dziecko-fotografia-5.jpg' ><img alt='s\u0142upsk-fotograf-gregor-g\u0119bu\u015b-dzieci\u0119ca-dziecko-fotografia' class='item skip-lazy' data-class='item' data-ftg-source='https:\/\/gregorgebus.com\/wp-content\/uploads\/2020\/03\/s\u0142upsk-fotograf-gregor-g\u0119bu\u015b-dzieci\u0119ca-dziecko-fotografia-5.jpg' src='https:\/\/gregorgebus.com\/wp-content\/uploads\/2020\/03\/s\u0142upsk-fotograf-gregor-g\u0119bu\u015b-dzieci\u0119ca-dziecko-fotografia-5.jpg' width='1000' height='669' \/><\/a><\/p>\n<div class='ftg-social'><\/div>\n<\/div>\n<div  class='tile ftg-preload  '><a title=\"\" data-lightbox='ftg-55' rel='ftg-55'  class=' tile-inner  ftg-lightbox' href='https:\/\/gregorgebus.com\/wp-content\/uploads\/2020\/03\/s\u0142upsk-fotograf-gregor-g\u0119bu\u015b-dzieci\u0119ca-dziecko-fotografia-4.jpg' ><img alt='s\u0142upsk-fotograf-gregor-g\u0119bu\u015b-dzieci\u0119ca-dziecko-fotografia' class='item skip-lazy' data-class='item' data-ftg-source='https:\/\/gregorgebus.com\/wp-content\/uploads\/2020\/03\/s\u0142upsk-fotograf-gregor-g\u0119bu\u015b-dzieci\u0119ca-dziecko-fotografia-4.jpg' src='https:\/\/gregorgebus.com\/wp-content\/uploads\/2020\/03\/s\u0142upsk-fotograf-gregor-g\u0119bu\u015b-dzieci\u0119ca-dziecko-fotografia-4.jpg' width='1000' height='669' \/><\/a><\/p>\n<div class='ftg-social'><\/div>\n<\/div>\n<div  class='tile ftg-preload  '><a title=\"\" data-lightbox='ftg-55' rel='ftg-55'  class=' tile-inner  ftg-lightbox' href='https:\/\/gregorgebus.com\/wp-content\/uploads\/2020\/03\/s\u0142upsk-fotograf-gregor-g\u0119bu\u015b-dzieci\u0119ca-dziecko-fotografia-7.jpg' ><img alt='s\u0142upsk-fotograf-gregor-g\u0119bu\u015b-dzieci\u0119ca-dziecko-fotografia' class='item skip-lazy' data-class='item' data-ftg-source='https:\/\/gregorgebus.com\/wp-content\/uploads\/2020\/03\/s\u0142upsk-fotograf-gregor-g\u0119bu\u015b-dzieci\u0119ca-dziecko-fotografia-7.jpg' src='https:\/\/gregorgebus.com\/wp-content\/uploads\/2020\/03\/s\u0142upsk-fotograf-gregor-g\u0119bu\u015b-dzieci\u0119ca-dziecko-fotografia-7.jpg' width='669' height='1000' \/><\/a><\/p>\n<div class='ftg-social'><\/div>\n<\/div>\n<div  class='tile ftg-preload  '><a title=\"\" data-lightbox='ftg-55' rel='ftg-55'  class=' tile-inner  ftg-lightbox' href='https:\/\/gregorgebus.com\/wp-content\/uploads\/2020\/03\/s\u0142upsk-fotograf-gregor-g\u0119bu\u015b-dzieci\u0119ca-dziecko-fotografia-3.jpg' ><img alt='s\u0142upsk-fotograf-gregor-g\u0119bu\u015b-dzieci\u0119ca-dziecko-fotografia' class='item skip-lazy' data-class='item' data-ftg-source='https:\/\/gregorgebus.com\/wp-content\/uploads\/2020\/03\/s\u0142upsk-fotograf-gregor-g\u0119bu\u015b-dzieci\u0119ca-dziecko-fotografia-3.jpg' src='https:\/\/gregorgebus.com\/wp-content\/uploads\/2020\/03\/s\u0142upsk-fotograf-gregor-g\u0119bu\u015b-dzieci\u0119ca-dziecko-fotografia-3.jpg' width='669' height='1000' \/><\/a><\/p>\n<div class='ftg-social'><\/div>\n<\/div>\n<div  class='tile ftg-preload  '><a title=\"\" data-lightbox='ftg-55' rel='ftg-55'  class=' tile-inner  ftg-lightbox' href='https:\/\/gregorgebus.com\/wp-content\/uploads\/2020\/03\/s\u0142upsk-fotograf-gregor-g\u0119bu\u015b-dzieci\u0119ca-dziecko-fotografia-2.jpg' ><img alt='s\u0142upsk-fotograf-gregor-g\u0119bu\u015b-dzieci\u0119ca-dziecko-fotografia' class='item skip-lazy' data-class='item' data-ftg-source='https:\/\/gregorgebus.com\/wp-content\/uploads\/2020\/03\/s\u0142upsk-fotograf-gregor-g\u0119bu\u015b-dzieci\u0119ca-dziecko-fotografia-2.jpg' src='https:\/\/gregorgebus.com\/wp-content\/uploads\/2020\/03\/s\u0142upsk-fotograf-gregor-g\u0119bu\u015b-dzieci\u0119ca-dziecko-fotografia-2.jpg' width='1000' height='669' \/><\/a><\/p>\n<div class='ftg-social'><\/div>\n<\/div>\n<div  class='tile ftg-preload  '><a title=\"\" data-lightbox='ftg-55' rel='ftg-55'  class=' tile-inner  ftg-lightbox' href='https:\/\/gregorgebus.com\/wp-content\/uploads\/2020\/03\/niemowle-s\u0142upsk-szczecin-sesja-niemowl\u0119ca-gregor-g\u0119bu\u015b-fotograf-fotografia-dziecko-noworodek-1024x685.jpg' ><img alt='niemowle-s\u0142upsk-szczecin-sesja-niemowl\u0119ca-gregor-g\u0119bu\u015b-fotograf-fotografia-dziecko-noworodek' class='item skip-lazy' data-class='item' data-ftg-source='https:\/\/gregorgebus.com\/wp-content\/uploads\/2020\/03\/niemowle-s\u0142upsk-szczecin-sesja-niemowl\u0119ca-gregor-g\u0119bu\u015b-fotograf-fotografia-dziecko-noworodek-1024x685.jpg' src='https:\/\/gregorgebus.com\/wp-content\/uploads\/2020\/03\/niemowle-s\u0142upsk-szczecin-sesja-niemowl\u0119ca-gregor-g\u0119bu\u015b-fotograf-fotografia-dziecko-noworodek-1024x685.jpg' width='1600' height='1071' \/><\/a><\/p>\n<div class='ftg-social'><\/div>\n<\/div>\n<div  class='tile ftg-preload  '><a title=\"\" data-lightbox='ftg-55' rel='ftg-55'  class=' tile-inner  ftg-lightbox' href='https:\/\/gregorgebus.com\/wp-content\/uploads\/2020\/03\/niemowle-s\u0142upsk-szczecin-sesja-niemowl\u0119ca-gregor-g\u0119bu\u015b-fotograf-fotografia-dziecko-noworodek-2-685x1024.jpg' ><img alt='niemowle-s\u0142upsk-szczecin-sesja-niemowl\u0119ca-gregor-g\u0119bu\u015b-fotograf-fotografia-dziecko-noworodek' class='item skip-lazy' data-class='item' data-ftg-source='https:\/\/gregorgebus.com\/wp-content\/uploads\/2020\/03\/niemowle-s\u0142upsk-szczecin-sesja-niemowl\u0119ca-gregor-g\u0119bu\u015b-fotograf-fotografia-dziecko-noworodek-2-685x1024.jpg' src='https:\/\/gregorgebus.com\/wp-content\/uploads\/2020\/03\/niemowle-s\u0142upsk-szczecin-sesja-niemowl\u0119ca-gregor-g\u0119bu\u015b-fotograf-fotografia-dziecko-noworodek-2-685x1024.jpg' width='1071' height='1600' \/><\/a><\/p>\n<div class='ftg-social'><\/div>\n<\/div>\n<div  class='tile ftg-preload  '><a title=\"\" data-lightbox='ftg-55' rel='ftg-55'  class=' tile-inner  ftg-lightbox' href='https:\/\/gregorgebus.com\/wp-content\/uploads\/2020\/03\/niemowle-s\u0142upsk-szczecin-sesja-niemowl\u0119ca-gregor-g\u0119bu\u015b-fotograf-fotografia-dziecko-noworodek-4-685x1024.jpg' ><img alt='niemowle-s\u0142upsk-szczecin-sesja-niemowl\u0119ca-gregor-g\u0119bu\u015b-fotograf-fotografia-dziecko-noworodek' class='item skip-lazy' data-class='item' data-ftg-source='https:\/\/gregorgebus.com\/wp-content\/uploads\/2020\/03\/niemowle-s\u0142upsk-szczecin-sesja-niemowl\u0119ca-gregor-g\u0119bu\u015b-fotograf-fotografia-dziecko-noworodek-4-685x1024.jpg' src='https:\/\/gregorgebus.com\/wp-content\/uploads\/2020\/03\/niemowle-s\u0142upsk-szczecin-sesja-niemowl\u0119ca-gregor-g\u0119bu\u015b-fotograf-fotografia-dziecko-noworodek-4-685x1024.jpg' width='1071' height='1600' \/><\/a><\/p>\n<div class='ftg-social'><\/div>\n<\/div>\n<div  class='tile ftg-preload  '><a title=\"\" data-lightbox='ftg-55' rel='ftg-55'  class=' tile-inner  ftg-lightbox' href='https:\/\/gregorgebus.com\/wp-content\/uploads\/2020\/03\/niemowle-s\u0142upsk-szczecin-sesja-niemowl\u0119ca-gregor-g\u0119bu\u015b-fotograf-fotografia-dziecko-noworodek-3-685x1024.jpg' ><img alt='niemowle-s\u0142upsk-szczecin-sesja-niemowl\u0119ca-gregor-g\u0119bu\u015b-fotograf-fotografia-dziecko-noworodek' class='item skip-lazy' data-class='item' data-ftg-source='https:\/\/gregorgebus.com\/wp-content\/uploads\/2020\/03\/niemowle-s\u0142upsk-szczecin-sesja-niemowl\u0119ca-gregor-g\u0119bu\u015b-fotograf-fotografia-dziecko-noworodek-3-685x1024.jpg' src='https:\/\/gregorgebus.com\/wp-content\/uploads\/2020\/03\/niemowle-s\u0142upsk-szczecin-sesja-niemowl\u0119ca-gregor-g\u0119bu\u015b-fotograf-fotografia-dziecko-noworodek-3-685x1024.jpg' width='1071' height='1600' \/><\/a><\/p>\n<div class='ftg-social'><\/div>\n<\/div>\n<div  class='tile ftg-preload  '><a title=\"\" data-lightbox='ftg-55' rel='ftg-55'  class=' tile-inner  ftg-lightbox' href='https:\/\/gregorgebus.com\/wp-content\/uploads\/2020\/03\/niemowle-s\u0142upsk-szczecin-sesja-niemowl\u0119ca-gregor-g\u0119bu\u015b-fotograf-fotografia-dziecko-noworodek-5-685x1024.jpg' ><img alt='niemowle-s\u0142upsk-szczecin-sesja-niemowl\u0119ca-gregor-g\u0119bu\u015b-fotograf-fotografia-dziecko-noworodek' class='item skip-lazy' data-class='item' data-ftg-source='https:\/\/gregorgebus.com\/wp-content\/uploads\/2020\/03\/niemowle-s\u0142upsk-szczecin-sesja-niemowl\u0119ca-gregor-g\u0119bu\u015b-fotograf-fotografia-dziecko-noworodek-5-685x1024.jpg' src='https:\/\/gregorgebus.com\/wp-content\/uploads\/2020\/03\/niemowle-s\u0142upsk-szczecin-sesja-niemowl\u0119ca-gregor-g\u0119bu\u015b-fotograf-fotografia-dziecko-noworodek-5-685x1024.jpg' width='1071' height='1600' \/><\/a><\/p>\n<div class='ftg-social'><\/div>\n<\/div>\n<\/div>\n<\/div>\n\t\t\t\t\t\t\t\t<\/div>\n\t\t\t\t<\/div>\n\t\t\t\t\t<\/div>\n\t\t<\/div>\n\t\t\t\t\t<\/div>\n\t\t<\/section>\n\t\t\t\t<section class=\"elementor-section elementor-top-section elementor-element elementor-element-136a96eb elementor-section-full_width elementor-section-height-default elementor-section-height-default\" data-id=\"136a96eb\" data-element_type=\"section\" data-e-type=\"section\" data-settings=\"{&quot;background_background&quot;:&quot;classic&quot;}\">\n\t\t\t\t\t\t<div class=\"elementor-container elementor-column-gap-default\">\n\t\t\t\t\t<div class=\"elementor-column elementor-col-100 elementor-top-column elementor-element elementor-element-2b66ce4e\" data-id=\"2b66ce4e\" data-element_type=\"column\" data-e-type=\"column\">\n\t\t\t<div class=\"elementor-widget-wrap\">\n\t\t\t\t\t\t\t<\/div>\n\t\t<\/div>\n\t\t\t\t\t<\/div>\n\t\t<\/section>\n\t\t\t\t<\/div>\n\t\t","protected":false},"excerpt":{"rendered":"<p>fotografia rodzinna sesje dzieci\u0119ce zd\u0119cia noworodk\u00f3w fotografia rodzinna<\/p>\n","protected":false},"author":1,"featured_media":0,"parent":261,"menu_order":0,"comment_status":"closed","ping_status":"closed","template":"","meta":{"ocean_post_layout":"full-screen","ocean_both_sidebars_style":"","ocean_both_sidebars_content_width":0,"ocean_both_sidebars_sidebars_width":0,"ocean_sidebar":"0","ocean_second_sidebar":"0","ocean_disable_margins":"on","ocean_add_body_class":"","ocean_shortcode_before_top_bar":"","ocean_shortcode_after_top_bar":"","ocean_shortcode_before_header":"","ocean_shortcode_after_header":"","ocean_has_shortcode":"","ocean_shortcode_after_title":"","ocean_shortcode_before_footer_widgets":"","ocean_shortcode_after_footer_widgets":"","ocean_shortcode_before_footer_bottom":"","ocean_shortcode_after_footer_bottom":"","ocean_display_top_bar":"default","ocean_display_header":"default","ocean_header_style":"","ocean_center_header_left_menu":"0","ocean_custom_header_template":"0","ocean_custom_logo":0,"ocean_custom_retina_logo":0,"ocean_custom_logo_max_width":0,"ocean_custom_logo_tablet_max_width":0,"ocean_custom_logo_mobile_max_width":0,"ocean_custom_logo_max_height":0,"ocean_custom_logo_tablet_max_height":0,"ocean_custom_logo_mobile_max_height":0,"ocean_header_custom_menu":"0","ocean_menu_typo_font_family":"0","ocean_menu_typo_font_subset":"","ocean_menu_typo_font_size":0,"ocean_menu_typo_font_size_tablet":0,"ocean_menu_typo_font_size_mobile":0,"ocean_menu_typo_font_size_unit":"px","ocean_menu_typo_font_weight":"","ocean_menu_typo_font_weight_tablet":"","ocean_menu_typo_font_weight_mobile":"","ocean_menu_typo_transform":"","ocean_menu_typo_transform_tablet":"","ocean_menu_typo_transform_mobile":"","ocean_menu_typo_line_height":0,"ocean_menu_typo_line_height_tablet":0,"ocean_menu_typo_line_height_mobile":0,"ocean_menu_typo_line_height_unit":"","ocean_menu_typo_spacing":0,"ocean_menu_typo_spacing_tablet":0,"ocean_menu_typo_spacing_mobile":0,"ocean_menu_typo_spacing_unit":"","ocean_menu_link_color":"","ocean_menu_link_color_hover":"","ocean_menu_link_color_active":"","ocean_menu_link_background":"","ocean_menu_link_hover_background":"","ocean_menu_link_active_background":"","ocean_menu_social_links_bg":"","ocean_menu_social_hover_links_bg":"","ocean_menu_social_links_color":"","ocean_menu_social_hover_links_color":"","ocean_disable_title":"default","ocean_disable_heading":"default","ocean_post_title":"","ocean_post_subheading":"","ocean_post_title_style":"","ocean_post_title_background_color":"","ocean_post_title_background":0,"ocean_post_title_bg_image_position":"","ocean_post_title_bg_image_attachment":"","ocean_post_title_bg_image_repeat":"","ocean_post_title_bg_image_size":"","ocean_post_title_height":0,"ocean_post_title_bg_overlay":0.5,"ocean_post_title_bg_overlay_color":"","ocean_disable_breadcrumbs":"default","ocean_breadcrumbs_color":"","ocean_breadcrumbs_separator_color":"","ocean_breadcrumbs_links_color":"","ocean_breadcrumbs_links_hover_color":"","ocean_display_footer_widgets":"default","ocean_display_footer_bottom":"default","ocean_custom_footer_template":"0","footnotes":""},"class_list":["post-415","page","type-page","status-publish","hentry","entry"],"yoast_head":"<!-- This site is optimized with the Yoast SEO plugin v27.5 - https:\/\/yoast.com\/product\/yoast-seo-wordpress\/ -->\n<title>RODZINNE I DZIECI\u0118CE - Gregor G\u0119bu\u015b<\/title>\n<meta name=\"robots\" content=\"index, follow, max-snippet:-1, max-image-preview:large, max-video-preview:-1\" \/>\n<link rel=\"canonical\" href=\"https:\/\/gregorgebus.com\/index.php\/portfolio\/rodzinne-i-dzieciece\/\" \/>\n<meta property=\"og:locale\" content=\"pl_PL\" \/>\n<meta property=\"og:type\" content=\"article\" \/>\n<meta property=\"og:title\" content=\"RODZINNE I DZIECI\u0118CE - Gregor G\u0119bu\u015b\" \/>\n<meta property=\"og:description\" content=\"fotografia rodzinna sesje dzieci\u0119ce zd\u0119cia noworodk\u00f3w fotografia rodzinna\" \/>\n<meta property=\"og:url\" content=\"https:\/\/gregorgebus.com\/index.php\/portfolio\/rodzinne-i-dzieciece\/\" \/>\n<meta property=\"og:site_name\" content=\"Gregor G\u0119bu\u015b\" \/>\n<meta property=\"article:modified_time\" content=\"2021-02-17T21:51:12+00:00\" \/>\n<meta property=\"og:image\" content=\"https:\/\/gregorgebus.com\/wp-content\/uploads\/2020\/03\/s\u0142upsk-fotograf-gregor-g\u0119bu\u015b-szczecin-komunia-\u015bwi\u0119ta-pierwsza-alba-dzieci\u0119ca-fotografia-7-scaled.jpg\" \/>\n<meta name=\"twitter:card\" content=\"summary_large_image\" \/>\n<meta name=\"twitter:label1\" content=\"Szacowany czas czytania\" \/>\n\t<meta name=\"twitter:data1\" content=\"12 minut\" \/>\n<script type=\"application\/ld+json\" class=\"yoast-schema-graph\">{\"@context\":\"https:\\\/\\\/schema.org\",\"@graph\":[{\"@type\":\"WebPage\",\"@id\":\"https:\\\/\\\/gregorgebus.com\\\/index.php\\\/portfolio\\\/rodzinne-i-dzieciece\\\/\",\"url\":\"https:\\\/\\\/gregorgebus.com\\\/index.php\\\/portfolio\\\/rodzinne-i-dzieciece\\\/\",\"name\":\"RODZINNE I DZIECI\u0118CE - Gregor G\u0119bu\u015b\",\"isPartOf\":{\"@id\":\"https:\\\/\\\/gregorgebus.com\\\/#website\"},\"primaryImageOfPage\":{\"@id\":\"https:\\\/\\\/gregorgebus.com\\\/index.php\\\/portfolio\\\/rodzinne-i-dzieciece\\\/#primaryimage\"},\"image\":{\"@id\":\"https:\\\/\\\/gregorgebus.com\\\/index.php\\\/portfolio\\\/rodzinne-i-dzieciece\\\/#primaryimage\"},\"thumbnailUrl\":\"https:\\\/\\\/gregorgebus.com\\\/wp-content\\\/uploads\\\/2021\\\/02\\\/DSC_1591-scaled.jpg\",\"datePublished\":\"2020-03-05T03:32:47+00:00\",\"dateModified\":\"2021-02-17T21:51:12+00:00\",\"breadcrumb\":{\"@id\":\"https:\\\/\\\/gregorgebus.com\\\/index.php\\\/portfolio\\\/rodzinne-i-dzieciece\\\/#breadcrumb\"},\"inLanguage\":\"pl-PL\",\"potentialAction\":[{\"@type\":\"ReadAction\",\"target\":[\"https:\\\/\\\/gregorgebus.com\\\/index.php\\\/portfolio\\\/rodzinne-i-dzieciece\\\/\"]}]},{\"@type\":\"ImageObject\",\"inLanguage\":\"pl-PL\",\"@id\":\"https:\\\/\\\/gregorgebus.com\\\/index.php\\\/portfolio\\\/rodzinne-i-dzieciece\\\/#primaryimage\",\"url\":\"https:\\\/\\\/gregorgebus.com\\\/wp-content\\\/uploads\\\/2021\\\/02\\\/DSC_1591-scaled.jpg\",\"contentUrl\":\"https:\\\/\\\/gregorgebus.com\\\/wp-content\\\/uploads\\\/2021\\\/02\\\/DSC_1591-scaled.jpg\",\"width\":1063,\"height\":1600},{\"@type\":\"BreadcrumbList\",\"@id\":\"https:\\\/\\\/gregorgebus.com\\\/index.php\\\/portfolio\\\/rodzinne-i-dzieciece\\\/#breadcrumb\",\"itemListElement\":[{\"@type\":\"ListItem\",\"position\":1,\"name\":\"Strona g\u0142\u00f3wna\",\"item\":\"https:\\\/\\\/gregorgebus.com\\\/\"},{\"@type\":\"ListItem\",\"position\":2,\"name\":\"PORTFOLIO\",\"item\":\"https:\\\/\\\/gregorgebus.com\\\/index.php\\\/portfolio\\\/\"},{\"@type\":\"ListItem\",\"position\":3,\"name\":\"RODZINNE I DZIECI\u0118CE\"}]},{\"@type\":\"WebSite\",\"@id\":\"https:\\\/\\\/gregorgebus.com\\\/#website\",\"url\":\"https:\\\/\\\/gregorgebus.com\\\/\",\"name\":\"Gregor G\u0119bu\u015b\",\"description\":\"Fotografia \u015alubna, Portretowa, Rodzinna, Dzieci\u0119ca | S\u0142upsk, Szczecin, Ustka\",\"publisher\":{\"@id\":\"https:\\\/\\\/gregorgebus.com\\\/#\\\/schema\\\/person\\\/efd378d2ba58a0a5a7a690d7b3392bd9\"},\"potentialAction\":[{\"@type\":\"SearchAction\",\"target\":{\"@type\":\"EntryPoint\",\"urlTemplate\":\"https:\\\/\\\/gregorgebus.com\\\/?s={search_term_string}\"},\"query-input\":{\"@type\":\"PropertyValueSpecification\",\"valueRequired\":true,\"valueName\":\"search_term_string\"}}],\"inLanguage\":\"pl-PL\"},{\"@type\":[\"Person\",\"Organization\"],\"@id\":\"https:\\\/\\\/gregorgebus.com\\\/#\\\/schema\\\/person\\\/efd378d2ba58a0a5a7a690d7b3392bd9\",\"name\":\"gregorgebus\",\"image\":{\"@type\":\"ImageObject\",\"inLanguage\":\"pl-PL\",\"@id\":\"https:\\\/\\\/gregorgebus.com\\\/wp-content\\\/uploads\\\/2020\\\/03\\\/111.png\",\"url\":\"https:\\\/\\\/gregorgebus.com\\\/wp-content\\\/uploads\\\/2020\\\/03\\\/111.png\",\"contentUrl\":\"https:\\\/\\\/gregorgebus.com\\\/wp-content\\\/uploads\\\/2020\\\/03\\\/111.png\",\"width\":1600,\"height\":287,\"caption\":\"gregorgebus\"},\"logo\":{\"@id\":\"https:\\\/\\\/gregorgebus.com\\\/wp-content\\\/uploads\\\/2020\\\/03\\\/111.png\"}}]}<\/script>\n<!-- \/ Yoast SEO plugin. -->","yoast_head_json":{"title":"RODZINNE I DZIECI\u0118CE - Gregor G\u0119bu\u015b","robots":{"index":"index","follow":"follow","max-snippet":"max-snippet:-1","max-image-preview":"max-image-preview:large","max-video-preview":"max-video-preview:-1"},"canonical":"https:\/\/gregorgebus.com\/index.php\/portfolio\/rodzinne-i-dzieciece\/","og_locale":"pl_PL","og_type":"article","og_title":"RODZINNE I DZIECI\u0118CE - Gregor G\u0119bu\u015b","og_description":"fotografia rodzinna sesje dzieci\u0119ce zd\u0119cia noworodk\u00f3w fotografia rodzinna","og_url":"https:\/\/gregorgebus.com\/index.php\/portfolio\/rodzinne-i-dzieciece\/","og_site_name":"Gregor G\u0119bu\u015b","article_modified_time":"2021-02-17T21:51:12+00:00","og_image":[{"url":"https:\/\/gregorgebus.com\/wp-content\/uploads\/2020\/03\/s\u0142upsk-fotograf-gregor-g\u0119bu\u015b-szczecin-komunia-\u015bwi\u0119ta-pierwsza-alba-dzieci\u0119ca-fotografia-7-scaled.jpg","type":"","width":"","height":""}],"twitter_card":"summary_large_image","twitter_misc":{"Szacowany czas czytania":"12 minut"},"schema":{"@context":"https:\/\/schema.org","@graph":[{"@type":"WebPage","@id":"https:\/\/gregorgebus.com\/index.php\/portfolio\/rodzinne-i-dzieciece\/","url":"https:\/\/gregorgebus.com\/index.php\/portfolio\/rodzinne-i-dzieciece\/","name":"RODZINNE I DZIECI\u0118CE - Gregor G\u0119bu\u015b","isPartOf":{"@id":"https:\/\/gregorgebus.com\/#website"},"primaryImageOfPage":{"@id":"https:\/\/gregorgebus.com\/index.php\/portfolio\/rodzinne-i-dzieciece\/#primaryimage"},"image":{"@id":"https:\/\/gregorgebus.com\/index.php\/portfolio\/rodzinne-i-dzieciece\/#primaryimage"},"thumbnailUrl":"https:\/\/gregorgebus.com\/wp-content\/uploads\/2021\/02\/DSC_1591-scaled.jpg","datePublished":"2020-03-05T03:32:47+00:00","dateModified":"2021-02-17T21:51:12+00:00","breadcrumb":{"@id":"https:\/\/gregorgebus.com\/index.php\/portfolio\/rodzinne-i-dzieciece\/#breadcrumb"},"inLanguage":"pl-PL","potentialAction":[{"@type":"ReadAction","target":["https:\/\/gregorgebus.com\/index.php\/portfolio\/rodzinne-i-dzieciece\/"]}]},{"@type":"ImageObject","inLanguage":"pl-PL","@id":"https:\/\/gregorgebus.com\/index.php\/portfolio\/rodzinne-i-dzieciece\/#primaryimage","url":"https:\/\/gregorgebus.com\/wp-content\/uploads\/2021\/02\/DSC_1591-scaled.jpg","contentUrl":"https:\/\/gregorgebus.com\/wp-content\/uploads\/2021\/02\/DSC_1591-scaled.jpg","width":1063,"height":1600},{"@type":"BreadcrumbList","@id":"https:\/\/gregorgebus.com\/index.php\/portfolio\/rodzinne-i-dzieciece\/#breadcrumb","itemListElement":[{"@type":"ListItem","position":1,"name":"Strona g\u0142\u00f3wna","item":"https:\/\/gregorgebus.com\/"},{"@type":"ListItem","position":2,"name":"PORTFOLIO","item":"https:\/\/gregorgebus.com\/index.php\/portfolio\/"},{"@type":"ListItem","position":3,"name":"RODZINNE I DZIECI\u0118CE"}]},{"@type":"WebSite","@id":"https:\/\/gregorgebus.com\/#website","url":"https:\/\/gregorgebus.com\/","name":"Gregor G\u0119bu\u015b","description":"Fotografia \u015alubna, Portretowa, Rodzinna, Dzieci\u0119ca | S\u0142upsk, Szczecin, Ustka","publisher":{"@id":"https:\/\/gregorgebus.com\/#\/schema\/person\/efd378d2ba58a0a5a7a690d7b3392bd9"},"potentialAction":[{"@type":"SearchAction","target":{"@type":"EntryPoint","urlTemplate":"https:\/\/gregorgebus.com\/?s={search_term_string}"},"query-input":{"@type":"PropertyValueSpecification","valueRequired":true,"valueName":"search_term_string"}}],"inLanguage":"pl-PL"},{"@type":["Person","Organization"],"@id":"https:\/\/gregorgebus.com\/#\/schema\/person\/efd378d2ba58a0a5a7a690d7b3392bd9","name":"gregorgebus","image":{"@type":"ImageObject","inLanguage":"pl-PL","@id":"https:\/\/gregorgebus.com\/wp-content\/uploads\/2020\/03\/111.png","url":"https:\/\/gregorgebus.com\/wp-content\/uploads\/2020\/03\/111.png","contentUrl":"https:\/\/gregorgebus.com\/wp-content\/uploads\/2020\/03\/111.png","width":1600,"height":287,"caption":"gregorgebus"},"logo":{"@id":"https:\/\/gregorgebus.com\/wp-content\/uploads\/2020\/03\/111.png"}}]}},"_links":{"self":[{"href":"https:\/\/gregorgebus.com\/index.php\/wp-json\/wp\/v2\/pages\/415","targetHints":{"allow":["GET"]}}],"collection":[{"href":"https:\/\/gregorgebus.com\/index.php\/wp-json\/wp\/v2\/pages"}],"about":[{"href":"https:\/\/gregorgebus.com\/index.php\/wp-json\/wp\/v2\/types\/page"}],"author":[{"embeddable":true,"href":"https:\/\/gregorgebus.com\/index.php\/wp-json\/wp\/v2\/users\/1"}],"replies":[{"embeddable":true,"href":"https:\/\/gregorgebus.com\/index.php\/wp-json\/wp\/v2\/comments?post=415"}],"version-history":[{"count":29,"href":"https:\/\/gregorgebus.com\/index.php\/wp-json\/wp\/v2\/pages\/415\/revisions"}],"predecessor-version":[{"id":1720,"href":"https:\/\/gregorgebus.com\/index.php\/wp-json\/wp\/v2\/pages\/415\/revisions\/1720"}],"up":[{"embeddable":true,"href":"https:\/\/gregorgebus.com\/index.php\/wp-json\/wp\/v2\/pages\/261"}],"wp:attachment":[{"href":"https:\/\/gregorgebus.com\/index.php\/wp-json\/wp\/v2\/media?parent=415"}],"curies":[{"name":"wp","href":"https:\/\/api.w.org\/{rel}","templated":true}]}}